{"version":"1.0","provider_name":"Lantegi Batuak","provider_url":"https:\/\/www.lantegibatuak.eus\/eu\/","author_name":"Lantegi_Batuak","author_url":"https:\/\/www.lantegibatuak.eus\/eu\/author\/lantegi_batuak\/","title":"Ciudades inclusivas: retos de la diversidad urbana - Lantegi Batuak","type":"rich","width":600,"height":338,"html":"<blockquote class=\"wp-embedded-content\" data-secret=\"ZCQgV3gGFj\"><a href=\"https:\/\/www.lantegibatuak.eus\/eu\/ciudades-inclusivas-retos-de-la-diversidad-urbana\/\">Ciudades inclusivas: retos de la diversidad urbana<\/a><\/blockquote><iframe sandbox=\"allow-scripts\" security=\"restricted\" src=\"https:\/\/www.lantegibatuak.eus\/eu\/ciudades-inclusivas-retos-de-la-diversidad-urbana\/embed\/#?secret=ZCQgV3gGFj\" width=\"600\" height=\"338\" title=\"&#8220;Ciudades inclusivas: retos de la diversidad urbana&#8221; &#8212; Lantegi Batuak\" data-secret=\"ZCQgV3gGFj\" frameborder=\"0\" marginwidth=\"0\" marginheight=\"0\" scrolling=\"no\" class=\"wp-embedded-content\"><\/iframe><script type=\"text\/javascript\">\n\/* <![CDATA[ *\/\n\/*! This file is auto-generated *\/\n!function(d,l){\"use strict\";l.querySelector&&d.addEventListener&&\"undefined\"!=typeof URL&&(d.wp=d.wp||{},d.wp.receiveEmbedMessage||(d.wp.receiveEmbedMessage=function(e){var t=e.data;if((t||t.secret||t.message||t.value)&&!\/[^a-zA-Z0-9]\/.test(t.secret)){for(var s,r,n,a=l.querySelectorAll('iframe[data-secret=\"'+t.secret+'\"]'),o=l.querySelectorAll('blockquote[data-secret=\"'+t.secret+'\"]'),c=new RegExp(\"^https?:$\",\"i\"),i=0;i<o.length;i++)o[i].style.display=\"none\";for(i=0;i<a.length;i++)s=a[i],e.source===s.contentWindow&&(s.removeAttribute(\"style\"),\"height\"===t.message?(1e3<(r=parseInt(t.value,10))?r=1e3:~~r<200&&(r=200),s.height=r):\"link\"===t.message&&(r=new URL(s.getAttribute(\"src\")),n=new URL(t.value),c.test(n.protocol))&&n.host===r.host&&l.activeElement===s&&(d.top.location.href=t.value))}},d.addEventListener(\"message\",d.wp.receiveEmbedMessage,!1),l.addEventListener(\"DOMContentLoaded\",function(){for(var e,t,s=l.querySelectorAll(\"iframe.wp-embedded-content\"),r=0;r<s.length;r++)(t=(e=s[r]).getAttribute(\"data-secret\"))||(t=Math.random().toString(36).substring(2,12),e.src+=\"#?secret=\"+t,e.setAttribute(\"data-secret\",t)),e.contentWindow.postMessage({message:\"ready\",secret:t},\"*\")},!1)))}(window,document);\n\/\/# sourceURL=https:\/\/www.lantegibatuak.eus\/wp-includes\/js\/wp-embed.min.js\n\/* ]]> *\/\n<\/script>\n","thumbnail_url":"https:\/\/www.lantegibatuak.eus\/wp-content\/uploads\/2016\/04\/Ciudades-inclusivas-retos-diversidad-urbana.jpg","thumbnail_width":750,"thumbnail_height":350,"description":"El pr\u00f3ximo 28 de abril presentaremos nuestro\u00a0p\u00f3ster &#8220;Ciudades inclusivas: retos de la diversidad urbana&#8221; en la sesi\u00f3n sobre el Mercado de Innovaci\u00f3n,\u00a0 que tendr\u00e1 lugar dentro de la 8\u00aa Conferencia Europea sobre Ciudades y Pueblos Sostenibles organizada. Esta conferencia, que promueve el desarrollo local sostenible en Europa, se celebrar\u00e1 en Bilbao los d\u00edas 27, 28 y 29 de abril. La organizan el ICLEI (Gobiernos Locales para la Sostenibilidad), el Gobierno Vasco, Diputaci\u00f3n Foral de Bizkaia y el Ayuntamiento de Bilbao, y cuenta tambi\u00e9n con la participaci\u00f3n de Udalsarea 21, la Red Vasca de Municipios hacia la Sostenibilidad. En la edici\u00f3n de este a\u00f1o se ver\u00e1 c\u00f3mo es imprescindible que los gobiernos locales sean parte activa en la formaci\u00f3n del futuro de Europa y lo positivo de transformar las ciudades en espacios verdaderamente sostenibles. En el p\u00f3ster hemos querido plasmar nuestra visi\u00f3n sobre c\u00f3mo las ciudades deben buscar soluciones para que el desarrollo urbano sea accesible e inclusivo para las mil millones de personas de todo el mundo que tienen discapacidad, la mayor parte de las cuales viven en ciudades. Sin embargo, la mayor\u00eda de las ciudades y pueblos presentan barreras significativas a la inclusi\u00f3n y la participaci\u00f3n, que van desde [&hellip;]"}