{"version":"1.0","provider_name":"Lantegi Batuak","provider_url":"https:\/\/www.lantegibatuak.eus\/eu\/","author_name":"lantegi_admin","author_url":"https:\/\/www.lantegibatuak.eus\/eu\/author\/lantegi_admin\/","title":"Presentamos el centro de Abadi\u00f1o en sociedad - Lantegi Batuak","type":"rich","width":600,"height":338,"html":"<blockquote class=\"wp-embedded-content\" data-secret=\"F4qn6LTiZX\"><a href=\"https:\/\/www.lantegibatuak.eus\/eu\/presentamos-el-centro-de-abadino-en-sociedad\/\">Presentamos el centro de Abadi\u00f1o en sociedad<\/a><\/blockquote><iframe sandbox=\"allow-scripts\" security=\"restricted\" src=\"https:\/\/www.lantegibatuak.eus\/eu\/presentamos-el-centro-de-abadino-en-sociedad\/embed\/#?secret=F4qn6LTiZX\" width=\"600\" height=\"338\" title=\"&#8220;Presentamos el centro de Abadi\u00f1o en sociedad&#8221; &#8212; Lantegi Batuak\" data-secret=\"F4qn6LTiZX\" frameborder=\"0\" marginwidth=\"0\" marginheight=\"0\" scrolling=\"no\" class=\"wp-embedded-content\"><\/iframe><script type=\"text\/javascript\">\n\/* <![CDATA[ *\/\n\/*! This file is auto-generated *\/\n!function(d,l){\"use strict\";l.querySelector&&d.addEventListener&&\"undefined\"!=typeof URL&&(d.wp=d.wp||{},d.wp.receiveEmbedMessage||(d.wp.receiveEmbedMessage=function(e){var t=e.data;if((t||t.secret||t.message||t.value)&&!\/[^a-zA-Z0-9]\/.test(t.secret)){for(var s,r,n,a=l.querySelectorAll('iframe[data-secret=\"'+t.secret+'\"]'),o=l.querySelectorAll('blockquote[data-secret=\"'+t.secret+'\"]'),c=new RegExp(\"^https?:$\",\"i\"),i=0;i<o.length;i++)o[i].style.display=\"none\";for(i=0;i<a.length;i++)s=a[i],e.source===s.contentWindow&&(s.removeAttribute(\"style\"),\"height\"===t.message?(1e3<(r=parseInt(t.value,10))?r=1e3:~~r<200&&(r=200),s.height=r):\"link\"===t.message&&(r=new URL(s.getAttribute(\"src\")),n=new URL(t.value),c.test(n.protocol))&&n.host===r.host&&l.activeElement===s&&(d.top.location.href=t.value))}},d.addEventListener(\"message\",d.wp.receiveEmbedMessage,!1),l.addEventListener(\"DOMContentLoaded\",function(){for(var e,t,s=l.querySelectorAll(\"iframe.wp-embedded-content\"),r=0;r<s.length;r++)(t=(e=s[r]).getAttribute(\"data-secret\"))||(t=Math.random().toString(36).substring(2,12),e.src+=\"#?secret=\"+t,e.setAttribute(\"data-secret\",t)),e.contentWindow.postMessage({message:\"ready\",secret:t},\"*\")},!1)))}(window,document);\n\/\/# sourceURL=https:\/\/www.lantegibatuak.eus\/wp-includes\/js\/wp-embed.min.js\n\/* ]]> *\/\n<\/script>\n","thumbnail_url":"https:\/\/www.lantegibatuak.eus\/wp-content\/uploads\/2013\/03\/Visita_taller_Abadino_300x200.jpg","thumbnail_width":300,"thumbnail_height":200,"description":"Esta ma\u00f1ana hemos presentado al p\u00fablico nuestro segundo centro en Abadi\u00f1o, con la compa\u00f1\u00eda de la Diputaci\u00f3n Foral de Bizkaia, el Ayuntamiento de Abadi\u00f1o, la Mancomunidad de Durangaldea, BBK Obra Social y Gobierno Vasco."}