{"version":"1.0","provider_name":"Lantegi Batuak","provider_url":"https:\/\/www.lantegibatuak.eus\/eu\/","author_name":"Lantegi_Batuak","author_url":"https:\/\/www.lantegibatuak.eus\/eu\/author\/lantegi_batuak\/","title":"Presidimos la Confederaci\u00f3n Vasca de Fundaciones - Lantegi Batuak","type":"rich","width":600,"height":338,"html":"<blockquote class=\"wp-embedded-content\" data-secret=\"hMDo9uIV4F\"><a href=\"https:\/\/www.lantegibatuak.eus\/eu\/presidimos-la-confederacion-vasca-de-fundaciones\/\">Presidimos la Confederaci\u00f3n Vasca de Fundaciones<\/a><\/blockquote><iframe sandbox=\"allow-scripts\" security=\"restricted\" src=\"https:\/\/www.lantegibatuak.eus\/eu\/presidimos-la-confederacion-vasca-de-fundaciones\/embed\/#?secret=hMDo9uIV4F\" width=\"600\" height=\"338\" title=\"&#8220;Presidimos la Confederaci\u00f3n Vasca de Fundaciones&#8221; &#8212; Lantegi Batuak\" data-secret=\"hMDo9uIV4F\" frameborder=\"0\" marginwidth=\"0\" marginheight=\"0\" scrolling=\"no\" class=\"wp-embedded-content\"><\/iframe><script type=\"text\/javascript\">\n\/* <![CDATA[ *\/\n\/*! This file is auto-generated *\/\n!function(d,l){\"use strict\";l.querySelector&&d.addEventListener&&\"undefined\"!=typeof URL&&(d.wp=d.wp||{},d.wp.receiveEmbedMessage||(d.wp.receiveEmbedMessage=function(e){var t=e.data;if((t||t.secret||t.message||t.value)&&!\/[^a-zA-Z0-9]\/.test(t.secret)){for(var s,r,n,a=l.querySelectorAll('iframe[data-secret=\"'+t.secret+'\"]'),o=l.querySelectorAll('blockquote[data-secret=\"'+t.secret+'\"]'),c=new RegExp(\"^https?:$\",\"i\"),i=0;i<o.length;i++)o[i].style.display=\"none\";for(i=0;i<a.length;i++)s=a[i],e.source===s.contentWindow&&(s.removeAttribute(\"style\"),\"height\"===t.message?(1e3<(r=parseInt(t.value,10))?r=1e3:~~r<200&&(r=200),s.height=r):\"link\"===t.message&&(r=new URL(s.getAttribute(\"src\")),n=new URL(t.value),c.test(n.protocol))&&n.host===r.host&&l.activeElement===s&&(d.top.location.href=t.value))}},d.addEventListener(\"message\",d.wp.receiveEmbedMessage,!1),l.addEventListener(\"DOMContentLoaded\",function(){for(var e,t,s=l.querySelectorAll(\"iframe.wp-embedded-content\"),r=0;r<s.length;r++)(t=(e=s[r]).getAttribute(\"data-secret\"))||(t=Math.random().toString(36).substring(2,12),e.src+=\"#?secret=\"+t,e.setAttribute(\"data-secret\",t)),e.contentWindow.postMessage({message:\"ready\",secret:t},\"*\")},!1)))}(window,document);\n\/\/# sourceURL=https:\/\/www.lantegibatuak.eus\/wp-includes\/js\/wp-embed.min.js\n\/* ]]> *\/\n<\/script>\n","thumbnail_url":"https:\/\/www.lantegibatuak.eus\/wp-content\/uploads\/2015\/12\/20151211_Funko1.jpg","thumbnail_width":750,"thumbnail_height":350,"description":"El pasado 30 de septiembre acudimos a la Asamblea General Ordinaria de la Confederaci\u00f3n Vasca de Fundaciones (Funko), durante la cual se nombr\u00f3 presidente a Ram\u00f3n Bernal, nuestro director administrativo financiero. Funko nace en 2003 como plataforma de encuentro y cooperaci\u00f3n de las fundaciones vascas, de forma que puedan relacionarse entre s\u00ed, crear sinergias y trabajar de forma conjunta en temas de inter\u00e9s. La existencia de una legislaci\u00f3n espec\u00edfica en el Pa\u00eds Vasco hace que la realidad de las fundaciones vascas sea diferente a la del resto de comunidades aut\u00f3nomas. Por este motivo Funko quiere ser un interlocutor que represente a las fundaciones ante los poderes p\u00fablicos vascos. Actualmente el Gobierno Vasco est\u00e1 tramitando un nuevo Proyecto de Ley de Fundaciones, que plantea un marco jur\u00eddico nuevo y\u00a0actualiza una normativa que entr\u00f3 en vigor hace m\u00e1s de 20 a\u00f1os. Con este proyecto quiere adecuar la normativa fundacional vigente\u00a0 a la realidad social actual y a las demandas del propio sector de las fundaciones. Por ello Funko ha colaborado con el equipo de gobierno aportando propuestas para la elaboraci\u00f3n de dicha\u00a0ley. Con el objeto de dar a conocer este nuevo Proyecto de Ley de Fundaciones del Pa\u00eds Vasco, ya en fase [&hellip;]"}